{"id":105,"date":"2023-02-23T12:50:26","date_gmt":"2023-02-23T11:50:26","guid":{"rendered":"https:\/\/sites.dcuci.univr.it\/ultracorpi\/?page_id=105"},"modified":"2023-12-19T23:53:53","modified_gmt":"2023-12-19T22:53:53","slug":"privacy","status":"publish","type":"page","link":"https:\/\/sites.dcuci.univr.it\/ultracorpi\/privacy\/","title":{"rendered":"Privacy [ita\/eng]"},"content":{"rendered":"\n<p><strong>[English version below]<\/strong><\/p>\n\n\n\n<h5 class=\"wp-block-heading\">INFORMAZIONI SUL TRATTAMENTO DEI DATI PERSONALI degli utenti che consultano il sito web&nbsp;<a href=\"https:\/\/sites.dcuci.univr.it\/ultracorpi\/\">https:\/\/sites.dcuci.univr.it\/ultracorpi\/<\/a> dell\u2019Universit\u00e0 di Verona<\/h5>\n\n\n\n<h5 class=\"wp-block-heading\">Ai sensi dell&#8217;articolo 13 del Regolamento (UE) 2016\/679<\/h5>\n\n\n\n<h5 class=\"wp-block-heading\"><strong>PERCH\u00c9 QUESTE INFORMAZIONI?<\/strong><\/h5>\n\n\n\n<p class=\"has-white-color has-text-color\">Ai sensi del Regolamento (UE) 2016\/679 (di seguito &#8220;Regolamento&#8221;), questa pagina descrive le modalit\u00e0 di trattamento dei dati personali degli utenti che consultano il sito tematico dell\u2019Universit\u00e0 di Verona (di seguito &#8220;Universit\u00e0&#8221;) accessibile per via telematica al seguente indirizzo: <a href=\"https:\/\/sites.dcuci.univr.it\/ultracorpi\">https:\/\/sites.dcuci.univr.it\/ultracorpi<\/a>.<\/p>\n\n\n\n<p class=\"has-white-color has-text-color\">La gestione e pubblicazione della rivista avviene con il seguente e-publishing&nbsp;<em>Open Journal Systems<\/em>&nbsp;(OJS) sviluppato dal Public Knowledge Projec (<a href=\"https:\/\/pkp.sfu.ca\/ojs\/\" target=\"_blank\" rel=\"noreferrer noopener\">https:\/\/pkp.sfu.ca\/ojs\/<\/a>).<\/p>\n\n\n\n<p class=\"has-white-color has-text-color\">Le presenti informazioni non riguardano altri siti, pagine o servizi online raggiungibili tramite link ipertestuali eventualmente pubblicati nel sito ma riferiti a risorse esterne al dominio dell\u2019Universit\u00e0.<\/p>\n\n\n\n<p class=\"has-white-color has-text-color\">Ulteriori informazioni di carattere generale sul trattamento dei dati personali degli utenti che consultano i siti web dell\u2019Ateneo o che si iscrivono a newsletter sono reperibili sul sito istituzionale&nbsp;<a href=\"http:\/\/www.univr.it\/privacy\">www.univr.it\/privacy<\/a>.<\/p>\n\n\n\n<h3 class=\"wp-block-heading\"><strong>TITOLARE DEL TRATTAMENTO<\/strong><\/h3>\n\n\n\n<p class=\"has-white-color has-text-color\">Titolare del trattamento \u00e8 l\u2019Universit\u00e0 degli Studi di Verona, con sede in Via dell\u2019Artigliere n. 8, IT-37129, Verona (e-mail:&nbsp;<a href=\"mailto:privacy@ateneo.univr.it\">privacy@ateneo.univr.it<\/a>, PEC:&nbsp;<a href=\"mailto:ufficio.protocollo@pec.univr.it\">ufficio.protocollo@pec.univr.it<\/a>, tel. +39 045.8028777).<\/p>\n\n\n\n<h3 class=\"wp-block-heading\"><strong>RESPONSABILE DELLA PROTEZIONE DEI DATI<\/strong><\/h3>\n\n\n\n<p class=\"has-white-color has-text-color\">Il Responsabile della Protezione dei Dati (RPD) \u00e8 raggiungibile ai seguenti recapiti: e-mail:&nbsp;<a href=\"mailto:DPO@ateneo.univr.it\">DPO@ateneo.univr.it<\/a>&nbsp;&#8211; tel.: 0312242323<\/p>\n\n\n\n<h3 class=\"wp-block-heading\"><strong>FINALIT\u00c0 E BASE GIURIDICA DEL TRATTAMENTO<\/strong><\/h3>\n\n\n\n<p class=\"has-white-color has-text-color\">I dati personali degli utenti del sito sono trattati al fine di gestire, controllare e garantire l\u2019accesso al sito, la navigazione e la fruizione dei servizi online resi disponibili dall\u2019Universit\u00e0 attraverso il medesimo sito (ad esempio: consultazione anonima dei contributi, registrazione al servizio di newsletter, registrazione degli utenti Lettore, Autore, Revisore).<\/p>\n\n\n\n<p class=\"has-white-color has-text-color\">I dati potranno essere trattati anche per ottenere informazioni statistiche utili per migliorare il funzionamento del sito e l\u2019esperienza di navigazione degli utenti, anche attraverso l\u2019impiego di&nbsp;<em>cookie<\/em>&nbsp;analitici. Per informazioni di dettaglio sull\u2019utilizzo di&nbsp;<em>cookie<\/em>&nbsp;nel sito web, \u00e8 possibile consultare l\u2019informativa sul trattamento dei dati personali degli utenti che consultano i siti web dell\u2019Ateneo:&nbsp;<a href=\"http:\/\/www.univr.it\/privacy\">www.univr.it\/privacy<\/a>.<\/p>\n\n\n\n<p class=\"has-white-color has-text-color\">La base giuridica del trattamento \u00e8 costituita dall&#8217;esecuzione dei compiti di interesse pubblico dell\u2019Universit\u00e0 o comunque connessi all&#8217;esercizio di pubblici poteri (consultazione anonima dei contributi) e dall\u2019esecuzione di misure precontrattuali o contrattuali (fruizione dei servizi).<\/p>\n\n\n\n<p class=\"has-white-color has-text-color\">Il conferimento dei dati per le finalit\u00e0 sopra indicate non \u00e8 obbligatorio, ma l\u2019eventuale rifiuto comporter\u00e0 l&#8217;oggettiva impossibilit\u00e0 di usufruire di determinate funzionalit\u00e0 o servizi resi disponibili sul sito web.<\/p>\n\n\n\n<p class=\"has-white-color has-text-color\">La base giuridica del trattamento finalizzato alla comunicazione di annunci di carattere generale o avvisi sulla pubblicazione di nuovi articoli, tramite newsletter, \u00e8 costituita dal consenso esplicito degli interessati: tale consenso \u00e8 facoltativo, ma indispensabile per procedere con l\u2019invio delle comunicazioni. Il consenso prestato pu\u00f2 essere&nbsp;revocato&nbsp;in qualsiasi momento seguendo le istruzioni per la cancellazione dell\u2019iscrizione riportate online e in ogni comunicazione.<\/p>\n\n\n\n<h3 class=\"wp-block-heading\"><strong>TIPI DI DATI TRATTATI<\/strong><\/h3>\n\n\n\n<h3 class=\"wp-block-heading\"><strong>Dati di navigazione<\/strong><\/h3>\n\n\n\n<p class=\"has-white-color has-text-color\">I sistemi informatici e le procedure software preposte al funzionamento del sito acquisiscono, nel corso del loro normale esercizio, alcuni dati personali la cui trasmissione \u00e8 implicita nell&#8217;uso dei protocolli di comunicazione di Internet (quali, ad esempio: indirizzi IP o i nomi a dominio dei computer e dei terminali utilizzati dagli utenti; indirizzi in notazione URI\/URL &#8211; Uniform Resource Identifier\/Locator &#8211; delle risorse richieste; orario della richiesta; metodo utilizzato nel sottoporre la richiesta al server; dimensione del file ottenuto in risposta; codice numerico indicante lo stato della risposta data dal server &#8211; buon fine, errore, ecc. &#8211; ed altri parametri relativi al sistema operativo e all&#8217;ambiente informatico dell&#8217;utente).<\/p>\n\n\n\n<p class=\"has-white-color has-text-color\">Per informazioni dettagliate sul trattamento di tali dati si rinvia all\u2019informativa generale agli utenti che consultano i siti web dell\u2019Universit\u00e0, disponibile sul sito istituzionale d\u2019Ateneo:&nbsp;<a href=\"http:\/\/www.univr.it\/privacy\">www.univr.it\/privacy<\/a>.<\/p>\n\n\n\n<h3 class=\"wp-block-heading\"><strong>Dati comunicati dall&#8217;utente<\/strong><\/h3>\n\n\n\n<p class=\"has-white-color has-text-color\">Sono inoltre oggetto di trattamento i dati personali forniti dagli utenti del sito, per finalit\u00e0 connesse alla fruizione dei servizi online, come sopra indicate:<\/p>\n\n\n\n<ul>\n<li>dati anagrafici e di contatto (nome, cognome, sesso, numero di telefono, fax, indirizzo di posta elettronica, indirizzo postale)<\/li>\n\n\n\n<li>ORCID, note biografiche, istituzione di afferenza, conoscenze linguistiche, aree di interesse (peer review).<\/li>\n<\/ul>\n\n\n\n<h3 class=\"wp-block-heading\"><strong>DESTINATARI DEI DATI<\/strong><\/h3>\n\n\n\n<p class=\"has-white-color has-text-color\">I dati trattati per le finalit\u00e0 di cui sopra saranno accessibili ai dipendenti e collaboratori assegnati ai competenti uffici dell\u2019Universit\u00e0, ovvero a persone fisiche o giuridiche che prestano attivit\u00e0 di servizio verso l\u2019Universit\u00e0 ai fini dell\u2019erogazione di servizi strumentali al perseguimento delle suddette finalit\u00e0 (ad esempio: fornitori del servizio di&nbsp;<em>cloud computing<\/em>).<\/p>\n\n\n\n<p class=\"has-white-color has-text-color\">I dati personali potrebbero essere comunicati anche ad altre amministrazioni pubbliche, qualora queste debbano trattare i medesimi per eventuali procedimenti di propria competenza istituzionale.<\/p>\n\n\n\n<h3 class=\"wp-block-heading\"><strong>TRASFERIMENTO DATI ALL\u2019ESTERO<\/strong><\/h3>\n\n\n\n<p class=\"has-white-color has-text-color\">\u00c8 previsto il trasferimento all\u2019estero dei dati sul server del fornitore del servizio di&nbsp;<em>cloud computing<\/em>, residente all\u2019interno dell\u2019Unione Europea e certificato AgID.<\/p>\n\n\n\n<h3 class=\"wp-block-heading\"><strong>CONSERVAZIONE DEI DATI<\/strong><\/h3>\n\n\n\n<p class=\"has-white-color has-text-color\">I dati forniti o raccolti verranno conservati per un arco di tempo non superiore al conseguimento delle finalit\u00e0 per le quali sono trattati (\u201cprincipio di limitazione della conservazione\u201d: art.5 del Regolamento) o per i tempi di conservazione previsti da norme di legge o regolamenti.<\/p>\n\n\n\n<h3 class=\"wp-block-heading\"><strong>DIRITTI DEGLI INTERESSATI<\/strong><\/h3>\n\n\n\n<p class=\"has-white-color has-text-color\">Gli interessati hanno il diritto di ottenere dall\u2019Universit\u00e0, nei casi previsti, l&#8217;accesso ai dati personali e la rettifica o la cancellazione degli stessi o la limitazione del trattamento che li riguarda o di opporsi al trattamento (art. 15 e seguenti del Regolamento).<\/p>\n\n\n\n<p class=\"has-white-color has-text-color\">In particolare, ai sensi dell&#8217;art. 7 del Regolamento, gli interessati possono esercitare in qualsiasi momento il proprio diritto di revoca del consenso (anche con le modalit\u00e0 sopra indicate), senza che venga pregiudicata la liceit\u00e0 del trattamento basata sul consenso prestato antecedentemente.<\/p>\n\n\n\n<p class=\"has-white-color has-text-color\">Le apposite istanze all&#8217;Universit\u00e0 vanno presentate all\u2019e-mail:&nbsp;<a href=\"mailto:privacy@ateneo.univr.it\">privacy@ateneo.univr.it<\/a>.<\/p>\n\n\n\n<h3 class=\"wp-block-heading\"><strong>DIRITTO DI RECLAMO<\/strong><\/h3>\n\n\n\n<p class=\"has-white-color has-text-color\">Gli interessati che ritengono che il trattamento dei dati personali a loro riferiti effettuato attraverso questo sito avvenga in violazione di quanto previsto dal Regolamento hanno il diritto di proporre reclamo al Garante per la Protezione dei Dati Personali (art. 77 del Regolamento) o di adire le opportune sedi giudiziarie (art. 79 del Regolamento).<\/p>\n\n\n\n<p class=\"has-white-color has-text-color\"><em>Ultima revisione: febbraio 2023<\/em><\/p>\n\n\n\n<p><\/p>\n\n\n\n<p>***<\/p>\n\n\n\n<h2 class=\"wp-block-heading\">INFORMATION ON THE PROCESSING OF PERSONAL DATA of the users of the&nbsp;<em><a href=\"https:\/\/sites.dcuci.univr.it\/ultracorpi\/\" target=\"_blank\" rel=\"noreferrer noopener\">&nbsp;<\/a><a href=\"https:\/\/sites.dcuci.univr.it\/ultracorpi\/\">https:\/\/sites.dcuci.univr.it\/ultracorpi\/<\/a> <\/em>&nbsp;website of the University of Verona<\/h2>\n\n\n\n<h2 class=\"wp-block-heading\">Pursuant to Art. 13 of the Regulation (EU) 2016\/679<\/h2>\n\n\n\n<p><\/p>\n\n\n\n<h3 class=\"wp-block-heading\"><strong>ABOUT THIS INFORMATION<\/strong><\/h3>\n\n\n\n<p>The information provided below describes, as required by the EU Regulation 2016\/679 (hereinafter the \u201cRegulation\u201d), the processing operations performed on the personal data of the users of the thematic website of the University of Verona (hereinafter, the &#8220;University&#8221;), available online at the following link: &nbsp;<a href=\"https:\/\/sites.dcuci.univr.it\/ultracorpi\/\">https:\/\/sites.dcuci.univr.it\/ultracorpi\/<\/a> <\/p>\n\n\n\n<p>The management of the contents and publication of the journal are carried out using&nbsp;<em>Open Journal Systems<\/em>&nbsp;(OJS) by Public Knowledge Project (<a href=\"https:\/\/pkp.sfu.ca\/ojs\/\" target=\"_blank\" rel=\"noreferrer noopener\">https:\/\/pkp.sfu.ca\/ojs\/<\/a>).<\/p>\n\n\n\n<p>Please note that this information does not apply to any websites, online web pages or services that, although accessible through links published on the website, are based on resources external to the University\u2019s website.<\/p>\n\n\n\n<p>Further information on the processing of personal data of those who use the University\u2019s websites or subscribe to newsletters can be found on the University\u2019s website:&nbsp;<a href=\"http:\/\/www.univr.it\/privacy\">www.univr.it\/privacy<\/a>.<\/p>\n\n\n\n<h3 class=\"wp-block-heading\"><strong>DATA CONTROLLER<\/strong><\/h3>\n\n\n\n<p>The Data Controller is the University of Verona, located in Via dell\u2019Artigliere n. 8, IT-37129, Verona (e-mail:&nbsp;<a href=\"mailto:privacy@ateneo.univr.it\">privacy@ateneo.univr.it<\/a>, PEC-certified e-mail:&nbsp;<a href=\"mailto:ufficio.protocollo@pec.univr.it\">ufficio.protocollo@pec.univr.it<\/a>, phone: +39 045.8028777).<\/p>\n\n\n\n<h3 class=\"wp-block-heading\"><strong>DATA PROTECTION OFFICER<\/strong><\/h3>\n\n\n\n<p>The University&#8217;s Data Protection Officer (DPO) can be contacted at the following e-mail address:&nbsp;<a href=\"mailto:DPO@ateneo.univr.it\">DPO@ateneo.univr.it<\/a>&nbsp;&#8211; phone: +39 0312242323.<\/p>\n\n\n\n<h3 class=\"wp-block-heading\"><strong>PURPOSES AND LEGAL BASIS FOR THE PROCESSING<\/strong><\/h3>\n\n\n\n<p>The personal data of the website users are processed by the University in order to manage, check and enable the access to the website, the use of the website and online services made available by the University through the same website (e.g. anonymous consultation of the contributions, newsletter subscription, user registration as Reader, Author or Editor).<\/p>\n\n\n\n<p>Personal data may be processed also in order to obtain statistical information useful for improving the functioning of the website and the user experience, also through the use of analytical&nbsp;<em>cookies<\/em>. Further information on the use of&nbsp;<em>cookies<\/em>&nbsp;on the website can be found in the information notice on the processing of personal data of the users of the websites of the University of Verona:&nbsp;<a href=\"http:\/\/www.univr.it\/privacy\">www.univr.it\/privacy<\/a>.<\/p>\n\n\n\n<p>The legal basis for the processing is the performance of the duties of public interest of the University, or duties related to the exercise of its public powers (anonymous consultation of contributions) and the fulfilment of contractual or pre-contractual obligations (use of the service).<\/p>\n\n\n\n<p>Providing personal data for the above reasons is not mandatory. However, refusal to provide us with your data will result in you being unable to use certain functions or services of the website.<\/p>\n\n\n\n<p>The legal basis of the processing for the communication of general announcements or notices on the publication of new articles via newsletters is the explicit consent of the concerned user: such consent is optional but essential to enable such communications. Your consent can be&nbsp;revoked&nbsp;anytime by following the instructions for subscription cancellation available online and in each newsletter.<\/p>\n\n\n\n<h3 class=\"wp-block-heading\"><strong>CATEGORIES OF PERSONAL DATA<\/strong><\/h3>\n\n\n\n<h3 class=\"wp-block-heading\"><strong>Browsing data<\/strong><\/h3>\n\n\n\n<p>The information systems and software procedures adopted to operate this website acquire personal data as part of their standard functioning; the transmission of such data is an inherent feature of Internet communication protocols. This data category includes the IP addresses and\/or the domain names of the computers and terminal equipment used by any user, the URI\/URL (Uniform Resource Identifier\/Locator) addresses of the requested resources, the time of such requests, the method used for submitting a given request to the server, returned file size, a numerical code relating to server response status (successfully performed, error, etc.), and other parameters related to the user&#8217;s operating system and computer environment.<\/p>\n\n\n\n<p>For further information on the processing of such data please refer to the information notice on the processing of personal data of the users visiting the websites of the University of Verona:&nbsp;<a href=\"http:\/\/www.univr.it\/privacy\">www.univr.it\/privacy<\/a>.<\/p>\n\n\n\n<h3 class=\"wp-block-heading\"><strong>Data communicated by users<\/strong><\/h3>\n\n\n\n<p>The following personal data communicated by the users of the website for purposes related to the use of online services as outlined above are also processed:<\/p>\n\n\n\n<ul>\n<li>personal data and contacts (name, surname, sex, phone number, fax, e-mail address, postal address);<\/li>\n\n\n\n<li>ORCID, biographical notes, institution of affiliation, language skills, areas of interest (peer review).<\/li>\n<\/ul>\n\n\n\n<h3 class=\"wp-block-heading\"><strong>DATA RECIPIENTS<\/strong><\/h3>\n\n\n\n<p>Data processed for the above-mentioned purposes will be available to the employees and collaborators assigned to the competent offices of the University, and the natural or legal persons who provide services to the University for the above purposes (e.g.&nbsp;<em>cloud computing<\/em>&nbsp;service providers).<\/p>\n\n\n\n<p>Personal data may also be disclosed to other public administrations, if they have to process them for any procedures within their institutional jurisdiction.<\/p>\n\n\n\n<h3 class=\"wp-block-heading\"><strong>INTERNATIONAL DATA TRANSFER<\/strong><\/h3>\n\n\n\n<p>Data will be transferred abroad on the server of the&nbsp;<em>cloud computing<\/em>&nbsp;service provider based in the European Union and certified AgID.<\/p>\n\n\n\n<h3 class=\"wp-block-heading\"><strong>DATA RETENTION<\/strong><\/h3>\n\n\n\n<p>The collected data will be kept for a period of time not exceeding the achievement of the purposes for which they are processed (\u201cstorage limitation principle\u201d, pursuant to Art. 5 of Regulation), or in accordance with the deadlines set by law or regulations.<\/p>\n\n\n\n<h3 class=\"wp-block-heading\"><strong>RIGHTS OF THE DATA SUBJECTS<\/strong><\/h3>\n\n\n\n<p>Data Subjects have the right to obtain from the University, where appropriate, access to their personal data as well as rectification or erasure of such data or the restriction of the processing concerning them, and to object to the processing (pursuant to Articles 15 and following of the Regulation).<\/p>\n\n\n\n<p>Specifically, pursuant to Art. 7 of the Regulation, the Data Subjects concerned may at any time exercise their right to revoke their consent (also by the above methods), without prejudice to the lawfulness of the processing based on the consent given previously.<\/p>\n\n\n\n<p>Please contact the University (e-mail:&nbsp;<a href=\"mailto:privacy@ateneo.univr.it\">privacy@ateneo.univr.it<\/a>) to lodge all requests to exercise these rights.<\/p>\n\n\n\n<h3 class=\"wp-block-heading\"><strong>RIGHT TO LODGE A COMPLAINT<\/strong><\/h3>\n\n\n\n<p>If a Data Subject considers that the processing of personal data relating to him or her as performed here infringes the Regulation, he or she has the right to lodge a complaint with the Italian data protection authority &#8211; \u201cGarante per la protezione dei dati personali\u201d (Art. 77 of the Regulation), or else to bring a judicial proceeding against the University pursuant to Article 79 of the Regulation.<\/p>\n\n\n\n<p><em>Last update: February 2023<\/em><\/p>\n\n\n\n<figure class=\"wp-block-image is-resized\"><img loading=\"lazy\" decoding=\"async\" src=\"https:\/\/sites.dcuci.univr.it\/ultracorpi\/wp-content\/uploads\/2023\/02\/images.png\" alt=\"\" class=\"wp-image-41\" width=\"303\" height=\"106\" srcset=\"https:\/\/sites.dcuci.univr.it\/ultracorpi\/wp-content\/uploads\/2023\/02\/images.png 379w, https:\/\/sites.dcuci.univr.it\/ultracorpi\/wp-content\/uploads\/2023\/02\/images-300x105.png 300w\" sizes=\"(max-width: 303px) 100vw, 303px\" \/><\/figure>\n\n\n\n<p><a href=\"https:\/\/www.dcuci.univr.it\/\">Dipartimento Culture e Civilt\u00e0<\/a>&nbsp;dell\u2019<a rel=\"noreferrer noopener\" href=\"https:\/\/www.univr.it\/\" target=\"_blank\">Universit\u00e0 di Verona<\/a><\/p>\n\n\n\n<p><strong>Ultracorpi<\/strong>. Il Fantastico nelle Arti dello Spettacolo<\/p>\n\n\n\n<p><strong>ISSN&nbsp;<\/strong>[soon]<br><\/p>\n","protected":false},"excerpt":{"rendered":"<p>[English version below] INFORMAZIONI SUL TRATTAMENTO DEI DATI PERSONALI degli utenti che consultano il sito web&nbsp;https:\/\/sites.dcuci.univr.it\/ultracorpi\/ dell\u2019Universit\u00e0 di Verona Ai<\/p>\n<p><a href=\"https:\/\/sites.dcuci.univr.it\/ultracorpi\/privacy\/\" class=\"more-link\">Continue reading<span class=\"screen-reader-text\">Privacy [ita\/eng]<\/span><\/a><\/p>\n","protected":false},"author":2,"featured_media":0,"parent":0,"menu_order":0,"comment_status":"closed","ping_status":"closed","template":"","meta":{"footnotes":""},"_links":{"self":[{"href":"https:\/\/sites.dcuci.univr.it\/ultracorpi\/wp-json\/wp\/v2\/pages\/105"}],"collection":[{"href":"https:\/\/sites.dcuci.univr.it\/ultracorpi\/wp-json\/wp\/v2\/pages"}],"about":[{"href":"https:\/\/sites.dcuci.univr.it\/ultracorpi\/wp-json\/wp\/v2\/types\/page"}],"author":[{"embeddable":true,"href":"https:\/\/sites.dcuci.univr.it\/ultracorpi\/wp-json\/wp\/v2\/users\/2"}],"replies":[{"embeddable":true,"href":"https:\/\/sites.dcuci.univr.it\/ultracorpi\/wp-json\/wp\/v2\/comments?post=105"}],"version-history":[{"count":18,"href":"https:\/\/sites.dcuci.univr.it\/ultracorpi\/wp-json\/wp\/v2\/pages\/105\/revisions"}],"predecessor-version":[{"id":610,"href":"https:\/\/sites.dcuci.univr.it\/ultracorpi\/wp-json\/wp\/v2\/pages\/105\/revisions\/610"}],"wp:attachment":[{"href":"https:\/\/sites.dcuci.univr.it\/ultracorpi\/wp-json\/wp\/v2\/media?parent=105"}],"curies":[{"name":"wp","href":"https:\/\/api.w.org\/{rel}","templated":true}]}}